{"version":"1.0","provider_name":"Nordex SE - Deutsch","provider_url":"https:\/\/www.nordex-online.com\/de","author_name":"Losada, Felix","author_url":"https:\/\/www.nordex-online.com\/de\/author\/flosada\/","title":"R\u00fcckbauma\u00dfnahmen im Windpark Beckum gestartet","type":"rich","width":600,"height":338,"html":"<blockquote class=\"wp-embedded-content\" data-secret=\"ZSAB8nBCLd\"><a href=\"https:\/\/www.nordex-online.com\/de\/2023\/03\/rueckbaumassnahmen-im-windpark-beckum-gestartet\/\">R\u00fcckbauma\u00dfnahmen im Windpark Beckum gestartet<\/a><\/blockquote><iframe sandbox=\"allow-scripts\" security=\"restricted\" src=\"https:\/\/www.nordex-online.com\/de\/2023\/03\/rueckbaumassnahmen-im-windpark-beckum-gestartet\/embed\/#?secret=ZSAB8nBCLd\" width=\"600\" height=\"338\" title=\"&#8222;R\u00fcckbauma\u00dfnahmen im Windpark Beckum gestartet&#8220; &#8211; Nordex SE - Deutsch\" data-secret=\"ZSAB8nBCLd\" frameborder=\"0\" marginwidth=\"0\" marginheight=\"0\" scrolling=\"no\" class=\"wp-embedded-content\"><\/iframe><script type=\"text\/javascript\">\n\/* <![CDATA[ *\/\n\/*! This file is auto-generated *\/\n!function(d,l){\"use strict\";l.querySelector&&d.addEventListener&&\"undefined\"!=typeof URL&&(d.wp=d.wp||{},d.wp.receiveEmbedMessage||(d.wp.receiveEmbedMessage=function(e){var t=e.data;if((t||t.secret||t.message||t.value)&&!\/[^a-zA-Z0-9]\/.test(t.secret)){for(var s,r,n,a=l.querySelectorAll('iframe[data-secret=\"'+t.secret+'\"]'),o=l.querySelectorAll('blockquote[data-secret=\"'+t.secret+'\"]'),c=new RegExp(\"^https?:$\",\"i\"),i=0;i<o.length;i++)o[i].style.display=\"none\";for(i=0;i<a.length;i++)s=a[i],e.source===s.contentWindow&&(s.removeAttribute(\"style\"),\"height\"===t.message?(1e3<(r=parseInt(t.value,10))?r=1e3:~~r<200&&(r=200),s.height=r):\"link\"===t.message&&(r=new URL(s.getAttribute(\"src\")),n=new URL(t.value),c.test(n.protocol))&&n.host===r.host&&l.activeElement===s&&(d.top.location.href=t.value))}},d.addEventListener(\"message\",d.wp.receiveEmbedMessage,!1),l.addEventListener(\"DOMContentLoaded\",function(){for(var e,t,s=l.querySelectorAll(\"iframe.wp-embedded-content\"),r=0;r<s.length;r++)(t=(e=s[r]).getAttribute(\"data-secret\"))||(t=Math.random().toString(36).substring(2,12),e.src+=\"#?secret=\"+t,e.setAttribute(\"data-secret\",t)),e.contentWindow.postMessage({message:\"ready\",secret:t},\"*\")},!1)))}(window,document);\n\/\/# sourceURL=https:\/\/www.nordex-online.com\/de\/wp-includes\/js\/wp-embed.min.js\n\/* ]]> *\/\n<\/script>\n","description":"Mit dem geplanten R\u00fcckbau einer Windturbine am 30.3.2023 starten die R\u00fcckbauma\u00dfnahmen im Windpark Beckum. Ziel aller Projektpartner ist es, die zwei Anlagen des Windparks sicher und vollst\u00e4ndig r\u00fcckzubauen, um m\u00f6glichst schnell und jeweils an gleicher Stelle Turbinen erneut zu errichten. Der R\u00fcckbau ist erforderlich, da die Betont\u00fcrme M\u00e4ngel aufweisen. Der sichere und schnelle R\u00fcckbau der [&hellip;]"}